{"id":1614,"date":"2025-02-11T09:52:09","date_gmt":"2025-02-11T08:52:09","guid":{"rendered":"https:\/\/corpseveil.com\/?page_id=1614"},"modified":"2025-02-11T18:27:43","modified_gmt":"2025-02-11T17:27:43","slug":"etablissement-de-sante-medico-social","status":"publish","type":"page","link":"https:\/\/corpseveil.com\/index.php\/etablissement-de-sante-medico-social\/","title":{"rendered":"Etablissement de Sant\u00e9 &amp; M\u00e9dico-Social"},"content":{"rendered":"\t\t<div data-elementor-type=\"wp-page\" data-elementor-id=\"1614\" class=\"elementor elementor-1614\" data-elementor-post-type=\"page\">\n\t\t\t\t\t\t<section class=\"elementor-section elementor-top-section elementor-element elementor-element-490a40f elementor-section-boxed elementor-section-height-default elementor-section-height-default\" data-id=\"490a40f\" data-element_type=\"section\">\n\t\t\t\t\t\t<div class=\"elementor-container elementor-column-gap-default\">\n\t\t\t\t\t<div class=\"elementor-column elementor-col-100 elementor-top-column elementor-element elementor-element-f86bdfc\" data-id=\"f86bdfc\" data-element_type=\"column\">\n\t\t\t<div class=\"elementor-widget-wrap elementor-element-populated\">\n\t\t\t\t\t\t<div class=\"elementor-element elementor-element-413f9fe elementor-widget elementor-widget-heading\" data-id=\"413f9fe\" data-element_type=\"widget\" data-widget_type=\"heading.default\">\n\t\t\t\t<div class=\"elementor-widget-container\">\n\t\t\t\t\t<h2 class=\"elementor-heading-title elementor-size-default\">VIVRE Mieux, SOIGNER Mieux\n<\/h2>\t\t\t\t<\/div>\n\t\t\t\t<\/div>\n\t\t\t\t\t<\/div>\n\t\t<\/div>\n\t\t\t\t\t<\/div>\n\t\t<\/section>\n\t\t\t\t<section class=\"elementor-section elementor-top-section elementor-element elementor-element-83dfe41 elementor-section-full_width elementor-section-height-default elementor-section-height-default\" data-id=\"83dfe41\" data-element_type=\"section\" data-settings=\"{&quot;background_background&quot;:&quot;classic&quot;,&quot;background_motion_fx_motion_fx_scrolling&quot;:&quot;yes&quot;,&quot;background_motion_fx_translateY_effect&quot;:&quot;yes&quot;,&quot;shape_divider_top&quot;:&quot;waves&quot;,&quot;shape_divider_bottom&quot;:&quot;waves&quot;,&quot;shape_divider_bottom_negative&quot;:&quot;yes&quot;,&quot;background_motion_fx_translateY_speed&quot;:{&quot;unit&quot;:&quot;px&quot;,&quot;size&quot;:4,&quot;sizes&quot;:[]},&quot;background_motion_fx_translateY_affectedRange&quot;:{&quot;unit&quot;:&quot;%&quot;,&quot;size&quot;:&quot;&quot;,&quot;sizes&quot;:{&quot;start&quot;:0,&quot;end&quot;:100}},&quot;background_motion_fx_devices&quot;:[&quot;desktop&quot;,&quot;tablet&quot;,&quot;mobile&quot;]}\">\n\t\t\t\t\t\t\t<div class=\"elementor-background-overlay\"><\/div>\n\t\t\t\t\t\t<div class=\"elementor-shape elementor-shape-top\" data-negative=\"false\">\n\t\t\t<svg xmlns=\"http:\/\/www.w3.org\/2000\/svg\" viewBox=\"0 0 1000 100\" preserveAspectRatio=\"none\">\n\t<path class=\"elementor-shape-fill\" d=\"M421.9,6.5c22.6-2.5,51.5,0.4,75.5,5.3c23.6,4.9,70.9,23.5,100.5,35.7c75.8,32.2,133.7,44.5,192.6,49.7\n\tc23.6,2.1,48.7,3.5,103.4-2.5c54.7-6,106.2-25.6,106.2-25.6V0H0v30.3c0,0,72,32.6,158.4,30.5c39.2-0.7,92.8-6.7,134-22.4\n\tc21.2-8.1,52.2-18.2,79.7-24.2C399.3,7.9,411.6,7.5,421.9,6.5z\"\/>\n<\/svg>\t\t<\/div>\n\t\t\t\t<div class=\"elementor-shape elementor-shape-bottom\" data-negative=\"true\">\n\t\t\t<svg xmlns=\"http:\/\/www.w3.org\/2000\/svg\" viewBox=\"0 0 1000 100\" preserveAspectRatio=\"none\">\n\t<path class=\"elementor-shape-fill\" d=\"M790.5,93.1c-59.3-5.3-116.8-18-192.6-50c-29.6-12.7-76.9-31-100.5-35.9c-23.6-4.9-52.6-7.8-75.5-5.3\n\tc-10.2,1.1-22.6,1.4-50.1,7.4c-27.2,6.3-58.2,16.6-79.4,24.7c-41.3,15.9-94.9,21.9-134,22.6C72,58.2,0,25.8,0,25.8V100h1000V65.3\n\tc0,0-51.5,19.4-106.2,25.7C839.5,97,814.1,95.2,790.5,93.1z\"\/>\n<\/svg>\t\t<\/div>\n\t\t\t\t\t<div class=\"elementor-container elementor-column-gap-default\">\n\t\t\t\t\t<div class=\"elementor-column elementor-col-100 elementor-top-column elementor-element elementor-element-9247a1d\" data-id=\"9247a1d\" data-element_type=\"column\">\n\t\t\t<div class=\"elementor-widget-wrap elementor-element-populated\">\n\t\t\t\t\t\t<div class=\"elementor-element elementor-element-c579d3a elementor-widget elementor-widget-heading\" data-id=\"c579d3a\" data-element_type=\"widget\" data-widget_type=\"heading.default\">\n\t\t\t\t<div class=\"elementor-widget-container\">\n\t\t\t\t\t<h1 class=\"elementor-heading-title elementor-size-default\">Un programme con\u00e7u pour les \u00e9tablissements et associations du secteur de la sant\u00e9 et du m\u00e9dico-social. <\/h1>\t\t\t\t<\/div>\n\t\t\t\t<\/div>\n\t\t\t\t\t<\/div>\n\t\t<\/div>\n\t\t\t\t\t<\/div>\n\t\t<\/section>\n\t\t\t\t<section class=\"elementor-section elementor-top-section elementor-element elementor-element-496411b elementor-section-full_width elementor-section-height-default elementor-section-height-default\" data-id=\"496411b\" data-element_type=\"section\">\n\t\t\t\t\t\t<div class=\"elementor-container elementor-column-gap-default\">\n\t\t\t\t\t<div class=\"elementor-column elementor-col-50 elementor-top-column elementor-element elementor-element-d365c9b\" data-id=\"d365c9b\" data-element_type=\"column\">\n\t\t\t<div class=\"elementor-widget-wrap elementor-element-populated\">\n\t\t\t\t\t\t<div class=\"elementor-element elementor-element-0548633 elementor-widget elementor-widget-heading\" data-id=\"0548633\" data-element_type=\"widget\" data-widget_type=\"heading.default\">\n\t\t\t\t<div class=\"elementor-widget-container\">\n\t\t\t\t\t<h2 class=\"elementor-heading-title elementor-size-default\">Que faire face \u00e0 la p\u00e9nurie de personnel et la souffrance des soignants\u00a0?<\/h2>\t\t\t\t<\/div>\n\t\t\t\t<\/div>\n\t\t\t\t<div class=\"elementor-element elementor-element-126fdb8 elementor-widget elementor-widget-text-editor\" data-id=\"126fdb8\" data-element_type=\"widget\" data-widget_type=\"text-editor.default\">\n\t\t\t\t<div class=\"elementor-widget-container\">\n\t\t\t\t\t\t\t\t\t<p>10% des postes infirmiers sont vacants dans les \u00e9tablissements publics<br \/>60% souffrent d\u2019\u00e9puisement professionnel<br \/>95 % souffrent de troubles musculos- -squelettiques*<i> <br \/><br \/><\/i><b>La souffrance au travail<\/b> est une vraie probl\u00e9matique qui impacte non seulement la sant\u00e9 des soignants mais \u00e9galement la qualit\u00e9 des soins prodigu\u00e9s.<\/p>\t\t\t\t\t\t\t\t<\/div>\n\t\t\t\t<\/div>\n\t\t\t\t<div class=\"elementor-element elementor-element-1f54ec1 elementor-widget elementor-widget-heading\" data-id=\"1f54ec1\" data-element_type=\"widget\" data-widget_type=\"heading.default\">\n\t\t\t\t<div class=\"elementor-widget-container\">\n\t\t\t\t\t<h2 class=\"elementor-heading-title elementor-size-default\">Quels sont les sympt\u00f4mes qui impactent la performance de votre \u00e9tablissement\u00a0? <\/h2>\t\t\t\t<\/div>\n\t\t\t\t<\/div>\n\t\t\t\t<div class=\"elementor-element elementor-element-9b05e92 elementor-widget elementor-widget-text-editor\" data-id=\"9b05e92\" data-element_type=\"widget\" data-widget_type=\"text-editor.default\">\n\t\t\t\t<div class=\"elementor-widget-container\">\n\t\t\t\t\t\t\t\t\t<p><i>Absent\u00e9isme Accru<br \/>Turn Over Elev\u00e9<br \/>Conflits r\u00e9currents<br \/>Des erreurs plus fr\u00e9quentes<br \/>D\u00e9motivation et d\u00e9sengagement<br \/>Diminution de la qualit\u00e9 des soins<\/i><\/p><p>Les co\u00fbts directs sont \u00e9valu\u00e9s entre 150 et 300\u00a0000 Euros \/ ann\u00e9e \u00e0 un \u00e9tablissement de 50 Salari\u00e9s. A cela se rajoute les co\u00fbts indirects tel que la d\u00e9sorganisation du travail, la charge administrative suppl\u00e9mentaire, la formation de nouvelles personnes, <b>le stress des soignants<\/b> en activit\u00e9.<\/p>\t\t\t\t\t\t\t\t<\/div>\n\t\t\t\t<\/div>\n\t\t\t\t\t<\/div>\n\t\t<\/div>\n\t\t\t\t<div class=\"elementor-column elementor-col-50 elementor-top-column elementor-element elementor-element-5f2731b elementor-hidden-tablet elementor-hidden-mobile\" data-id=\"5f2731b\" data-element_type=\"column\" data-settings=\"{&quot;background_background&quot;:&quot;classic&quot;}\">\n\t\t\t<div class=\"elementor-widget-wrap\">\n\t\t\t\t\t\t\t<\/div>\n\t\t<\/div>\n\t\t\t\t\t<\/div>\n\t\t<\/section>\n\t\t\t\t<section class=\"elementor-section elementor-top-section elementor-element elementor-element-4c8fb89 elementor-section-full_width elementor-section-height-default elementor-section-height-default\" data-id=\"4c8fb89\" data-element_type=\"section\" data-settings=\"{&quot;background_background&quot;:&quot;classic&quot;,&quot;shape_divider_top&quot;:&quot;waves&quot;,&quot;shape_divider_bottom&quot;:&quot;waves&quot;}\">\n\t\t\t\t\t<div class=\"elementor-shape elementor-shape-top\" data-negative=\"false\">\n\t\t\t<svg xmlns=\"http:\/\/www.w3.org\/2000\/svg\" viewBox=\"0 0 1000 100\" preserveAspectRatio=\"none\">\n\t<path class=\"elementor-shape-fill\" d=\"M421.9,6.5c22.6-2.5,51.5,0.4,75.5,5.3c23.6,4.9,70.9,23.5,100.5,35.7c75.8,32.2,133.7,44.5,192.6,49.7\n\tc23.6,2.1,48.7,3.5,103.4-2.5c54.7-6,106.2-25.6,106.2-25.6V0H0v30.3c0,0,72,32.6,158.4,30.5c39.2-0.7,92.8-6.7,134-22.4\n\tc21.2-8.1,52.2-18.2,79.7-24.2C399.3,7.9,411.6,7.5,421.9,6.5z\"\/>\n<\/svg>\t\t<\/div>\n\t\t\t\t<div class=\"elementor-shape elementor-shape-bottom\" data-negative=\"false\">\n\t\t\t<svg xmlns=\"http:\/\/www.w3.org\/2000\/svg\" viewBox=\"0 0 1000 100\" preserveAspectRatio=\"none\">\n\t<path class=\"elementor-shape-fill\" d=\"M421.9,6.5c22.6-2.5,51.5,0.4,75.5,5.3c23.6,4.9,70.9,23.5,100.5,35.7c75.8,32.2,133.7,44.5,192.6,49.7\n\tc23.6,2.1,48.7,3.5,103.4-2.5c54.7-6,106.2-25.6,106.2-25.6V0H0v30.3c0,0,72,32.6,158.4,30.5c39.2-0.7,92.8-6.7,134-22.4\n\tc21.2-8.1,52.2-18.2,79.7-24.2C399.3,7.9,411.6,7.5,421.9,6.5z\"\/>\n<\/svg>\t\t<\/div>\n\t\t\t\t\t<div class=\"elementor-container elementor-column-gap-default\">\n\t\t\t\t\t<div class=\"elementor-column elementor-col-100 elementor-top-column elementor-element elementor-element-9a5a76f\" data-id=\"9a5a76f\" data-element_type=\"column\">\n\t\t\t<div class=\"elementor-widget-wrap elementor-element-populated\">\n\t\t\t\t\t\t<div class=\"elementor-element elementor-element-4ae8f69 elementor-widget elementor-widget-heading\" data-id=\"4ae8f69\" data-element_type=\"widget\" data-widget_type=\"heading.default\">\n\t\t\t\t<div class=\"elementor-widget-container\">\n\t\t\t\t\t<h2 class=\"elementor-heading-title elementor-size-default\">LA SOLUTION PROPOSEE\u00a0: Le projet Pilote sur 3 MOIS\u00a0<\/h2>\t\t\t\t<\/div>\n\t\t\t\t<\/div>\n\t\t\t\t<section class=\"elementor-section elementor-inner-section elementor-element elementor-element-860594a elementor-section-boxed elementor-section-height-default elementor-section-height-default\" data-id=\"860594a\" data-element_type=\"section\">\n\t\t\t\t\t\t<div class=\"elementor-container elementor-column-gap-default\">\n\t\t\t\t\t<div class=\"elementor-column elementor-col-33 elementor-inner-column elementor-element elementor-element-b576522\" data-id=\"b576522\" data-element_type=\"column\">\n\t\t\t<div class=\"elementor-widget-wrap elementor-element-populated\">\n\t\t\t\t\t\t<div class=\"elementor-element elementor-element-5438ca6 elementor-widget elementor-widget-image\" data-id=\"5438ca6\" data-element_type=\"widget\" data-widget_type=\"image.default\">\n\t\t\t\t<div class=\"elementor-widget-container\">\n\t\t\t\t\t\t\t\t\t\t\t\t\t\t\t<img fetchpriority=\"high\" decoding=\"async\" width=\"800\" height=\"532\" src=\"https:\/\/corpseveil.com\/wp-content\/uploads\/2025\/02\/soignant-corps-eveil-2.jpg\" class=\"attachment-large size-large wp-image-1684\" alt=\"\" srcset=\"https:\/\/corpseveil.com\/wp-content\/uploads\/2025\/02\/soignant-corps-eveil-2.jpg 1000w, https:\/\/corpseveil.com\/wp-content\/uploads\/2025\/02\/soignant-corps-eveil-2-300x200.jpg 300w, https:\/\/corpseveil.com\/wp-content\/uploads\/2025\/02\/soignant-corps-eveil-2-768x511.jpg 768w\" sizes=\"(max-width: 800px) 100vw, 800px\" \/>\t\t\t\t\t\t\t\t\t\t\t\t\t\t\t<\/div>\n\t\t\t\t<\/div>\n\t\t\t\t\t<\/div>\n\t\t<\/div>\n\t\t\t\t<div class=\"elementor-column elementor-col-33 elementor-inner-column elementor-element elementor-element-b2f5200\" data-id=\"b2f5200\" data-element_type=\"column\">\n\t\t\t<div class=\"elementor-widget-wrap elementor-element-populated\">\n\t\t\t\t\t\t<div class=\"elementor-element elementor-element-cf07f8a elementor-widget elementor-widget-image\" data-id=\"cf07f8a\" data-element_type=\"widget\" data-widget_type=\"image.default\">\n\t\t\t\t<div class=\"elementor-widget-container\">\n\t\t\t\t\t\t\t\t\t\t\t\t\t\t\t<img decoding=\"async\" width=\"800\" height=\"534\" src=\"https:\/\/corpseveil.com\/wp-content\/uploads\/2025\/02\/joie3.jpg\" class=\"attachment-large size-large wp-image-1650\" alt=\"\" srcset=\"https:\/\/corpseveil.com\/wp-content\/uploads\/2025\/02\/joie3.jpg 1000w, https:\/\/corpseveil.com\/wp-content\/uploads\/2025\/02\/joie3-300x200.jpg 300w, https:\/\/corpseveil.com\/wp-content\/uploads\/2025\/02\/joie3-768x512.jpg 768w\" sizes=\"(max-width: 800px) 100vw, 800px\" \/>\t\t\t\t\t\t\t\t\t\t\t\t\t\t\t<\/div>\n\t\t\t\t<\/div>\n\t\t\t\t\t<\/div>\n\t\t<\/div>\n\t\t\t\t<div class=\"elementor-column elementor-col-33 elementor-inner-column elementor-element elementor-element-07ef438\" data-id=\"07ef438\" data-element_type=\"column\">\n\t\t\t<div class=\"elementor-widget-wrap elementor-element-populated\">\n\t\t\t\t\t\t<div class=\"elementor-element elementor-element-6b2fb45 elementor-widget elementor-widget-image\" data-id=\"6b2fb45\" data-element_type=\"widget\" data-widget_type=\"image.default\">\n\t\t\t\t<div class=\"elementor-widget-container\">\n\t\t\t\t\t\t\t\t\t\t\t\t\t\t\t<img decoding=\"async\" width=\"800\" height=\"534\" src=\"https:\/\/corpseveil.com\/wp-content\/uploads\/2025\/02\/joie1.jpg\" class=\"attachment-large size-large wp-image-1649\" alt=\"\" srcset=\"https:\/\/corpseveil.com\/wp-content\/uploads\/2025\/02\/joie1.jpg 1000w, https:\/\/corpseveil.com\/wp-content\/uploads\/2025\/02\/joie1-300x200.jpg 300w, https:\/\/corpseveil.com\/wp-content\/uploads\/2025\/02\/joie1-768x512.jpg 768w\" sizes=\"(max-width: 800px) 100vw, 800px\" \/>\t\t\t\t\t\t\t\t\t\t\t\t\t\t\t<\/div>\n\t\t\t\t<\/div>\n\t\t\t\t\t<\/div>\n\t\t<\/div>\n\t\t\t\t\t<\/div>\n\t\t<\/section>\n\t\t\t\t<div class=\"elementor-element elementor-element-4baf299 elementor-widget elementor-widget-text-editor\" data-id=\"4baf299\" data-element_type=\"widget\" data-widget_type=\"text-editor.default\">\n\t\t\t\t<div class=\"elementor-widget-container\">\n\t\t\t\t\t\t\t\t\t<p><b>Prenez soin des soignants<\/b> et rendez votre \u00e9tablissement <b>Attractif<br \/><\/b>Un lieu o\u00f9 il fait bon VIVRE\u00a0et travailler\u00a0!!<\/p><p>Ce programme sur 3 Mois am\u00e9liore <b>la qualit\u00e9 de vie au travail<\/b> (QVT), <b>optimise la sant\u00e9<\/b> du personnel et pr\u00e9vient les situations \u00e0 risque (<b>\u00e9puisement professionnel, burn out<\/b>, <b>troubles musculo-squelettiques<\/b>, douleurs chroniques, \u00e9tat d\u00e9pressif).<\/p><p>Au cours de ce programme, un cercle vertueux s\u2019installe rapidement\u00a0:<\/p>\t\t\t\t\t\t\t\t<\/div>\n\t\t\t\t<\/div>\n\t\t\t\t<div class=\"elementor-element elementor-element-7e419f5 elementor-testimonial--skin-bubble elementor-testimonial--layout-image_above elementor-testimonial--align-center elementor-arrows-yes elementor-pagination-type-bullets elementor-widget elementor-widget-testimonial-carousel\" data-id=\"7e419f5\" data-element_type=\"widget\" data-settings=\"{&quot;slides_per_view&quot;:&quot;5&quot;,&quot;slides_to_scroll&quot;:&quot;1&quot;,&quot;show_arrows&quot;:&quot;yes&quot;,&quot;pagination&quot;:&quot;bullets&quot;,&quot;speed&quot;:500,&quot;autoplay&quot;:&quot;yes&quot;,&quot;autoplay_speed&quot;:5000,&quot;loop&quot;:&quot;yes&quot;,&quot;pause_on_hover&quot;:&quot;yes&quot;,&quot;pause_on_interaction&quot;:&quot;yes&quot;,&quot;space_between&quot;:{&quot;unit&quot;:&quot;px&quot;,&quot;size&quot;:10,&quot;sizes&quot;:[]},&quot;space_between_tablet&quot;:{&quot;unit&quot;:&quot;px&quot;,&quot;size&quot;:10,&quot;sizes&quot;:[]},&quot;space_between_mobile&quot;:{&quot;unit&quot;:&quot;px&quot;,&quot;size&quot;:10,&quot;sizes&quot;:[]}}\" data-widget_type=\"testimonial-carousel.default\">\n\t\t\t\t<div class=\"elementor-widget-container\">\n\t\t\t\t\t\t\t\t\t<div class=\"elementor-swiper\">\n\t\t\t\t\t<div class=\"elementor-main-swiper swiper\" role=\"region\" aria-roledescription=\"carousel\" aria-label=\"Diapositives\">\n\t\t\t\t<div class=\"swiper-wrapper\">\n\t\t\t\t\t\t\t\t\t\t\t<div class=\"swiper-slide\" role=\"group\" aria-roledescription=\"slide\">\n\t\t\t\t\t\t\t\t\t<div class=\"elementor-testimonial\">\n\t\t\t\t\t\t\t<div class=\"elementor-testimonial__content\">\n\t\t\t\t\t<div class=\"elementor-testimonial__text\">\n\t\t\t\t\t\tLe personnel est en sant\u00e9 et s\u2019\u00e9panoui.\t\t\t\t\t<\/div>\n\t\t\t\t\t\t\t\t\t<\/div>\n\t\t\t\t\t\t<div class=\"elementor-testimonial__footer\">\n\t\t\t\t\t\t\t\t\t<div class=\"elementor-testimonial__image\">\n\t\t\t\t\t\t<img decoding=\"async\" src=\"https:\/\/corpseveil.com\/wp-content\/uploads\/2024\/01\/Fichier-4.png\" alt=\"\">\n\t\t\t\t\t\t\t\t\t\t\t<\/div>\n\t\t\t\t\t\t\t\t\t\t\t<\/div>\n\t\t<\/div>\n\t\t\t\t\t\t\t\t<\/div>\n\t\t\t\t\t\t\t\t\t\t\t<div class=\"swiper-slide\" role=\"group\" aria-roledescription=\"slide\">\n\t\t\t\t\t\t\t\t\t<div class=\"elementor-testimonial\">\n\t\t\t\t\t\t\t<div class=\"elementor-testimonial__content\">\n\t\t\t\t\t<div class=\"elementor-testimonial__text\">\n\t\t\t\t\t\tDynamique et positive, la coh\u00e9sion d\u2019\u00e9quipe est renforc\u00e9e.\t\t\t\t\t<\/div>\n\t\t\t\t\t\t\t\t\t<\/div>\n\t\t\t\t\t\t<div class=\"elementor-testimonial__footer\">\n\t\t\t\t\t\t\t\t\t<div class=\"elementor-testimonial__image\">\n\t\t\t\t\t\t<img decoding=\"async\" src=\"https:\/\/corpseveil.com\/wp-content\/uploads\/2024\/01\/Fichier-6.png\" alt=\"\">\n\t\t\t\t\t\t\t\t\t\t\t<\/div>\n\t\t\t\t\t\t\t\t\t\t\t<\/div>\n\t\t<\/div>\n\t\t\t\t\t\t\t\t<\/div>\n\t\t\t\t\t\t\t\t\t\t\t<div class=\"swiper-slide\" role=\"group\" aria-roledescription=\"slide\">\n\t\t\t\t\t\t\t\t\t<div class=\"elementor-testimonial\">\n\t\t\t\t\t\t\t<div class=\"elementor-testimonial__content\">\n\t\t\t\t\t<div class=\"elementor-testimonial__text\">\n\t\t\t\t\t\tLes r\u00e9sidents\/patients sont satisfaits.\t\t\t\t\t<\/div>\n\t\t\t\t\t\t\t\t\t<\/div>\n\t\t\t\t\t\t<div class=\"elementor-testimonial__footer\">\n\t\t\t\t\t\t\t\t\t<div class=\"elementor-testimonial__image\">\n\t\t\t\t\t\t<img decoding=\"async\" src=\"https:\/\/corpseveil.com\/wp-content\/uploads\/2024\/01\/Fichier-9.png\" alt=\"\">\n\t\t\t\t\t\t\t\t\t\t\t<\/div>\n\t\t\t\t\t\t\t\t\t\t\t<\/div>\n\t\t<\/div>\n\t\t\t\t\t\t\t\t<\/div>\n\t\t\t\t\t\t\t\t\t\t\t<div class=\"swiper-slide\" role=\"group\" aria-roledescription=\"slide\">\n\t\t\t\t\t\t\t\t\t<div class=\"elementor-testimonial\">\n\t\t\t\t\t\t\t<div class=\"elementor-testimonial__content\">\n\t\t\t\t\t<div class=\"elementor-testimonial__text\">\n\t\t\t\t\t\tVotre \u00e9tablissement surfe sur une bonne r\u00e9putation, il est attractif\u00a0!!\t\t\t\t\t<\/div>\n\t\t\t\t\t\t\t\t\t<\/div>\n\t\t\t\t\t\t<div class=\"elementor-testimonial__footer\">\n\t\t\t\t\t\t\t\t\t<div class=\"elementor-testimonial__image\">\n\t\t\t\t\t\t<img decoding=\"async\" src=\"https:\/\/corpseveil.com\/wp-content\/uploads\/2024\/01\/Fichier-9.png\" alt=\"\">\n\t\t\t\t\t\t\t\t\t\t\t<\/div>\n\t\t\t\t\t\t\t\t\t\t\t<\/div>\n\t\t<\/div>\n\t\t\t\t\t\t\t\t<\/div>\n\t\t\t\t\t\t\t\t\t<\/div>\n\t\t\t\t\t\t\t\t\t\t\t\t\t\t\t<div class=\"elementor-swiper-button elementor-swiper-button-prev\" role=\"button\" tabindex=\"0\" aria-label=\"Pr\u00e9c\u00e9dent\">\n\t\t\t\t\t\t\t<i aria-hidden=\"true\" class=\"eicon-chevron-left\"><\/i>\t\t\t\t\t\t<\/div>\n\t\t\t\t\t\t<div class=\"elementor-swiper-button elementor-swiper-button-next\" role=\"button\" tabindex=\"0\" aria-label=\"Suivant\">\n\t\t\t\t\t\t\t<i aria-hidden=\"true\" class=\"eicon-chevron-right\"><\/i>\t\t\t\t\t\t<\/div>\n\t\t\t\t\t\t\t\t\t\t\t\t\t\t\t\t<div class=\"swiper-pagination\"><\/div>\n\t\t\t\t\t\t\t\t\t\t\t\t<\/div>\n\t\t\t\t<\/div>\n\t\t\t\t\t\t\t\t<\/div>\n\t\t\t\t<\/div>\n\t\t\t\t<div class=\"elementor-element elementor-element-d0bb15c elementor-widget elementor-widget-text-editor\" data-id=\"d0bb15c\" data-element_type=\"widget\" data-widget_type=\"text-editor.default\">\n\t\t\t\t<div class=\"elementor-widget-container\">\n\t\t\t\t\t\t\t\t\t<p>Votre \u00e9tablissement affirme des valeurs des fortes f\u00e9d\u00e9ratrices et humanisantes. <br \/>Le personnel se sent soutenu par sa hi\u00e9rarchie. Port\u00e9 par nouvel enthousiasme, son engagement aupr\u00e8s des patients et dans son \u00e9quipe<\/p><p>L\u2019investissement dans ce programme est un moindre co\u00fbt compar\u00e9 aux co\u00fbts caus\u00e9s par l\u2019absent\u00e9isme, le recours aux int\u00e9rims, la perte de clients\/patients. <br \/><br \/>Ce que co\u00fbte l\u2019absent\u00e9isme\u00a0: 3\u00a0000 \u00e0 6\u00a0000 euros \/ salari\u00e9 \/ ann\u00e9e<\/p><p>Ce que co\u00fbte le projet\u00a0VIVRE Mieux, SOIGNER Mieux : 480 euros \/ salari\u00e9\u00a0\/ 3 mois<\/p>\t\t\t\t\t\t\t\t<\/div>\n\t\t\t\t<\/div>\n\t\t\t\t<div class=\"elementor-element elementor-element-1650d97 elementor-align-center elementor-widget elementor-widget-button\" data-id=\"1650d97\" data-element_type=\"widget\" data-widget_type=\"button.default\">\n\t\t\t\t<div class=\"elementor-widget-container\">\n\t\t\t\t\t\t\t\t\t<div class=\"elementor-button-wrapper\">\n\t\t\t\t\t<a class=\"elementor-button elementor-button-link elementor-size-sm\" href=\"https:\/\/calendly.com\/annelaure-pegon\/seancedecouverte\" target=\"_blank\">\n\t\t\t\t\t\t<span class=\"elementor-button-content-wrapper\">\n\t\t\t\t\t\t\t\t\t<span class=\"elementor-button-text\">Prise de Rendez-Vous<\/span>\n\t\t\t\t\t<\/span>\n\t\t\t\t\t<\/a>\n\t\t\t\t<\/div>\n\t\t\t\t\t\t\t\t<\/div>\n\t\t\t\t<\/div>\n\t\t\t\t<div class=\"elementor-element elementor-element-e25ca44 elementor-widget elementor-widget-text-editor\" data-id=\"e25ca44\" data-element_type=\"widget\" data-widget_type=\"text-editor.default\">\n\t\t\t\t<div class=\"elementor-widget-container\">\n\t\t\t\t\t\t\t\t\t<p>Un rendez-vous gratuit de 30 min, sur site, vous pr\u00e9sente en d\u00e9tail le Projet Pilote VIVRE Mieux, SOIGNER Mieux.<\/p><p>Agile et sur-mesure, nous \u00e9valuerons comment adapter le programme aux besoins de votre \u00e9tablissement et du personnel.<br \/><br \/>Une phase test gratuite permet de confirmer la mise en route du Projet !!<\/p>\t\t\t\t\t\t\t\t<\/div>\n\t\t\t\t<\/div>\n\t\t\t\t\t<\/div>\n\t\t<\/div>\n\t\t\t\t\t<\/div>\n\t\t<\/section>\n\t\t\t\t<\/div>\n\t\t","protected":false},"excerpt":{"rendered":"<p>VIVRE Mieux, SOIGNER Mieux Un programme con\u00e7u pour les \u00e9tablissements et associations du secteur de la sant\u00e9 et du m\u00e9dico-social. Que faire face \u00e0 la p\u00e9nurie de personnel et la [&hellip;]<\/p>\n","protected":false},"author":1,"featured_media":0,"parent":0,"menu_order":0,"comment_status":"closed","ping_status":"closed","template":"","meta":{"footnotes":""},"class_list":["post-1614","page","type-page","status-publish","hentry"],"yoast_head":"<!-- This site is optimized with the Yoast SEO plugin v24.6 - https:\/\/yoast.com\/wordpress\/plugins\/seo\/ -->\n<title>Etablissement de Sant\u00e9 &amp; M\u00e9dico-Social - Corps en Eveil - Anne-Laure Pegon<\/title>\n<meta name=\"robots\" content=\"index, follow, max-snippet:-1, max-image-preview:large, max-video-preview:-1\" \/>\n<link rel=\"canonical\" href=\"https:\/\/corpseveil.com\/index.php\/etablissement-de-sante-medico-social\/\" \/>\n<meta property=\"og:locale\" content=\"fr_FR\" \/>\n<meta property=\"og:type\" content=\"article\" \/>\n<meta property=\"og:title\" content=\"Etablissement de Sant\u00e9 &amp; M\u00e9dico-Social - Corps en Eveil - Anne-Laure Pegon\" \/>\n<meta property=\"og:description\" content=\"VIVRE Mieux, SOIGNER Mieux Un programme con\u00e7u pour les \u00e9tablissements et associations du secteur de la sant\u00e9 et du m\u00e9dico-social. Que faire face \u00e0 la p\u00e9nurie de personnel et la [&hellip;]\" \/>\n<meta property=\"og:url\" content=\"https:\/\/corpseveil.com\/index.php\/etablissement-de-sante-medico-social\/\" \/>\n<meta property=\"og:site_name\" content=\"Corps en Eveil - Anne-Laure Pegon\" \/>\n<meta property=\"article:modified_time\" content=\"2025-02-11T17:27:43+00:00\" \/>\n<meta property=\"og:image\" content=\"https:\/\/corpseveil.com\/wp-content\/uploads\/2025\/02\/soignant-corps-eveil-2.jpg\" \/>\n\t<meta property=\"og:image:width\" content=\"1000\" \/>\n\t<meta property=\"og:image:height\" content=\"665\" \/>\n\t<meta property=\"og:image:type\" content=\"image\/jpeg\" \/>\n<meta name=\"twitter:card\" content=\"summary_large_image\" \/>\n<meta name=\"twitter:label1\" content=\"Dur\u00e9e de lecture estim\u00e9e\" \/>\n\t<meta name=\"twitter:data1\" content=\"6 minutes\" \/>\n<script type=\"application\/ld+json\" class=\"yoast-schema-graph\">{\"@context\":\"https:\/\/schema.org\",\"@graph\":[{\"@type\":\"WebPage\",\"@id\":\"https:\/\/corpseveil.com\/index.php\/etablissement-de-sante-medico-social\/\",\"url\":\"https:\/\/corpseveil.com\/index.php\/etablissement-de-sante-medico-social\/\",\"name\":\"Etablissement de Sant\u00e9 &amp; M\u00e9dico-Social - Corps en Eveil - Anne-Laure Pegon\",\"isPartOf\":{\"@id\":\"https:\/\/corpseveil.com\/#website\"},\"primaryImageOfPage\":{\"@id\":\"https:\/\/corpseveil.com\/index.php\/etablissement-de-sante-medico-social\/#primaryimage\"},\"image\":{\"@id\":\"https:\/\/corpseveil.com\/index.php\/etablissement-de-sante-medico-social\/#primaryimage\"},\"thumbnailUrl\":\"https:\/\/corpseveil.com\/wp-content\/uploads\/2025\/02\/soignant-corps-eveil-2.jpg\",\"datePublished\":\"2025-02-11T08:52:09+00:00\",\"dateModified\":\"2025-02-11T17:27:43+00:00\",\"breadcrumb\":{\"@id\":\"https:\/\/corpseveil.com\/index.php\/etablissement-de-sante-medico-social\/#breadcrumb\"},\"inLanguage\":\"fr-FR\",\"potentialAction\":[{\"@type\":\"ReadAction\",\"target\":[\"https:\/\/corpseveil.com\/index.php\/etablissement-de-sante-medico-social\/\"]}]},{\"@type\":\"ImageObject\",\"inLanguage\":\"fr-FR\",\"@id\":\"https:\/\/corpseveil.com\/index.php\/etablissement-de-sante-medico-social\/#primaryimage\",\"url\":\"https:\/\/corpseveil.com\/wp-content\/uploads\/2025\/02\/soignant-corps-eveil-2.jpg\",\"contentUrl\":\"https:\/\/corpseveil.com\/wp-content\/uploads\/2025\/02\/soignant-corps-eveil-2.jpg\",\"width\":1000,\"height\":665},{\"@type\":\"BreadcrumbList\",\"@id\":\"https:\/\/corpseveil.com\/index.php\/etablissement-de-sante-medico-social\/#breadcrumb\",\"itemListElement\":[{\"@type\":\"ListItem\",\"position\":1,\"name\":\"Accueil\",\"item\":\"https:\/\/corpseveil.com\/\"},{\"@type\":\"ListItem\",\"position\":2,\"name\":\"Etablissement de Sant\u00e9 &amp; M\u00e9dico-Social\"}]},{\"@type\":\"WebSite\",\"@id\":\"https:\/\/corpseveil.com\/#website\",\"url\":\"https:\/\/corpseveil.com\/\",\"name\":\"Corps en Eveil - Anne-Laure Pegon\",\"description\":\"Th\u00e9rapeute Psychocorporelle Haute Savoie et Vall\u00e9e Verte 74\",\"publisher\":{\"@id\":\"https:\/\/corpseveil.com\/#organization\"},\"potentialAction\":[{\"@type\":\"SearchAction\",\"target\":{\"@type\":\"EntryPoint\",\"urlTemplate\":\"https:\/\/corpseveil.com\/?s={search_term_string}\"},\"query-input\":{\"@type\":\"PropertyValueSpecification\",\"valueRequired\":true,\"valueName\":\"search_term_string\"}}],\"inLanguage\":\"fr-FR\"},{\"@type\":\"Organization\",\"@id\":\"https:\/\/corpseveil.com\/#organization\",\"name\":\"Corps en Eveil - Anne-Laure Pegon\",\"url\":\"https:\/\/corpseveil.com\/\",\"logo\":{\"@type\":\"ImageObject\",\"inLanguage\":\"fr-FR\",\"@id\":\"https:\/\/corpseveil.com\/#\/schema\/logo\/image\/\",\"url\":\"https:\/\/corpseveil.com\/wp-content\/uploads\/2023\/07\/cropped-CEE_LOGO_BLANC.png\",\"contentUrl\":\"https:\/\/corpseveil.com\/wp-content\/uploads\/2023\/07\/cropped-CEE_LOGO_BLANC.png\",\"width\":2842,\"height\":2421,\"caption\":\"Corps en Eveil - Anne-Laure Pegon\"},\"image\":{\"@id\":\"https:\/\/corpseveil.com\/#\/schema\/logo\/image\/\"}}]}<\/script>\n<!-- \/ Yoast SEO plugin. -->","yoast_head_json":{"title":"Etablissement de Sant\u00e9 &amp; M\u00e9dico-Social - Corps en Eveil - Anne-Laure Pegon","robots":{"index":"index","follow":"follow","max-snippet":"max-snippet:-1","max-image-preview":"max-image-preview:large","max-video-preview":"max-video-preview:-1"},"canonical":"https:\/\/corpseveil.com\/index.php\/etablissement-de-sante-medico-social\/","og_locale":"fr_FR","og_type":"article","og_title":"Etablissement de Sant\u00e9 &amp; M\u00e9dico-Social - Corps en Eveil - Anne-Laure Pegon","og_description":"VIVRE Mieux, SOIGNER Mieux Un programme con\u00e7u pour les \u00e9tablissements et associations du secteur de la sant\u00e9 et du m\u00e9dico-social. Que faire face \u00e0 la p\u00e9nurie de personnel et la [&hellip;]","og_url":"https:\/\/corpseveil.com\/index.php\/etablissement-de-sante-medico-social\/","og_site_name":"Corps en Eveil - Anne-Laure Pegon","article_modified_time":"2025-02-11T17:27:43+00:00","og_image":[{"width":1000,"height":665,"url":"https:\/\/corpseveil.com\/wp-content\/uploads\/2025\/02\/soignant-corps-eveil-2.jpg","type":"image\/jpeg"}],"twitter_card":"summary_large_image","twitter_misc":{"Dur\u00e9e de lecture estim\u00e9e":"6 minutes"},"schema":{"@context":"https:\/\/schema.org","@graph":[{"@type":"WebPage","@id":"https:\/\/corpseveil.com\/index.php\/etablissement-de-sante-medico-social\/","url":"https:\/\/corpseveil.com\/index.php\/etablissement-de-sante-medico-social\/","name":"Etablissement de Sant\u00e9 &amp; M\u00e9dico-Social - Corps en Eveil - Anne-Laure Pegon","isPartOf":{"@id":"https:\/\/corpseveil.com\/#website"},"primaryImageOfPage":{"@id":"https:\/\/corpseveil.com\/index.php\/etablissement-de-sante-medico-social\/#primaryimage"},"image":{"@id":"https:\/\/corpseveil.com\/index.php\/etablissement-de-sante-medico-social\/#primaryimage"},"thumbnailUrl":"https:\/\/corpseveil.com\/wp-content\/uploads\/2025\/02\/soignant-corps-eveil-2.jpg","datePublished":"2025-02-11T08:52:09+00:00","dateModified":"2025-02-11T17:27:43+00:00","breadcrumb":{"@id":"https:\/\/corpseveil.com\/index.php\/etablissement-de-sante-medico-social\/#breadcrumb"},"inLanguage":"fr-FR","potentialAction":[{"@type":"ReadAction","target":["https:\/\/corpseveil.com\/index.php\/etablissement-de-sante-medico-social\/"]}]},{"@type":"ImageObject","inLanguage":"fr-FR","@id":"https:\/\/corpseveil.com\/index.php\/etablissement-de-sante-medico-social\/#primaryimage","url":"https:\/\/corpseveil.com\/wp-content\/uploads\/2025\/02\/soignant-corps-eveil-2.jpg","contentUrl":"https:\/\/corpseveil.com\/wp-content\/uploads\/2025\/02\/soignant-corps-eveil-2.jpg","width":1000,"height":665},{"@type":"BreadcrumbList","@id":"https:\/\/corpseveil.com\/index.php\/etablissement-de-sante-medico-social\/#breadcrumb","itemListElement":[{"@type":"ListItem","position":1,"name":"Accueil","item":"https:\/\/corpseveil.com\/"},{"@type":"ListItem","position":2,"name":"Etablissement de Sant\u00e9 &amp; M\u00e9dico-Social"}]},{"@type":"WebSite","@id":"https:\/\/corpseveil.com\/#website","url":"https:\/\/corpseveil.com\/","name":"Corps en Eveil - Anne-Laure Pegon","description":"Th\u00e9rapeute Psychocorporelle Haute Savoie et Vall\u00e9e Verte 74","publisher":{"@id":"https:\/\/corpseveil.com\/#organization"},"potentialAction":[{"@type":"SearchAction","target":{"@type":"EntryPoint","urlTemplate":"https:\/\/corpseveil.com\/?s={search_term_string}"},"query-input":{"@type":"PropertyValueSpecification","valueRequired":true,"valueName":"search_term_string"}}],"inLanguage":"fr-FR"},{"@type":"Organization","@id":"https:\/\/corpseveil.com\/#organization","name":"Corps en Eveil - Anne-Laure Pegon","url":"https:\/\/corpseveil.com\/","logo":{"@type":"ImageObject","inLanguage":"fr-FR","@id":"https:\/\/corpseveil.com\/#\/schema\/logo\/image\/","url":"https:\/\/corpseveil.com\/wp-content\/uploads\/2023\/07\/cropped-CEE_LOGO_BLANC.png","contentUrl":"https:\/\/corpseveil.com\/wp-content\/uploads\/2023\/07\/cropped-CEE_LOGO_BLANC.png","width":2842,"height":2421,"caption":"Corps en Eveil - Anne-Laure Pegon"},"image":{"@id":"https:\/\/corpseveil.com\/#\/schema\/logo\/image\/"}}]}},"_links":{"self":[{"href":"https:\/\/corpseveil.com\/index.php\/wp-json\/wp\/v2\/pages\/1614","targetHints":{"allow":["GET"]}}],"collection":[{"href":"https:\/\/corpseveil.com\/index.php\/wp-json\/wp\/v2\/pages"}],"about":[{"href":"https:\/\/corpseveil.com\/index.php\/wp-json\/wp\/v2\/types\/page"}],"author":[{"embeddable":true,"href":"https:\/\/corpseveil.com\/index.php\/wp-json\/wp\/v2\/users\/1"}],"replies":[{"embeddable":true,"href":"https:\/\/corpseveil.com\/index.php\/wp-json\/wp\/v2\/comments?post=1614"}],"version-history":[{"count":25,"href":"https:\/\/corpseveil.com\/index.php\/wp-json\/wp\/v2\/pages\/1614\/revisions"}],"predecessor-version":[{"id":1691,"href":"https:\/\/corpseveil.com\/index.php\/wp-json\/wp\/v2\/pages\/1614\/revisions\/1691"}],"wp:attachment":[{"href":"https:\/\/corpseveil.com\/index.php\/wp-json\/wp\/v2\/media?parent=1614"}],"curies":[{"name":"wp","href":"https:\/\/api.w.org\/{rel}","templated":true}]}}