{"id":1100,"date":"2024-01-28T17:11:12","date_gmt":"2024-01-28T16:11:12","guid":{"rendered":"https:\/\/corpseveil.com\/?post_type=tribe_events&#038;p=1100"},"modified":"2024-02-06T15:09:33","modified_gmt":"2024-02-06T14:09:33","slug":"cercle-de-transmission-cercle-de-partage-atelier","status":"publish","type":"tribe_events","link":"https:\/\/corpseveil.com\/index.php\/event\/cercle-de-transmission-cercle-de-partage-atelier\/","title":{"rendered":"\u2b55Au c\u0153ur de l&rsquo;intimit\u00e9 : Cercle de partage et Atelier &#8211; 20h30"},"content":{"rendered":"<p><strong>20h30 \u00e0 21h45<br \/>\n<\/strong>Cercle de Partage et Ateliers Gratuit \u2013 Facilit\u00e9 par Anne-Laure Pegon<br \/>\nNous commencerons par un cercle de partage autour du th\u00e8me \u00ab\u00a0Le couple face aux difficult\u00e9s de procr\u00e9ation\u00a0\u00bb<br \/>\nNous poursuivrons avec des propositions en mouvement M\u00e9thode Unifi\u00e9e APESRA, pour ancrer en soi qu&rsquo;\u00e0 travers nos exp\u00e9riences douloureuses se cachent de nombreux tr\u00e9sors.<\/p>\n<p>LES CERCLES DE TRANSMISSION \u2013 AU C\u0152UR DE L\u2019INTIMIT\u00c9<\/p>\n<p style=\"font-weight: 400;\">Cheminons ensemble Hommes et Femmes vers l\u2019accomplissement et l\u2019int\u00e9gration du masculin\/f\u00e9minin.<\/p>\n<p style=\"font-weight: 400;\">Dans les soci\u00e9t\u00e9s traditionnelles, les rites de passage et les moments de transmission \u00e9taient au centre du d\u00e9veloppement de chaque \u00eatre et de la communaut\u00e9. Ils garantissaient ainsi l\u2019harmonie et la sant\u00e9 des peuples.<br \/>\nAujourd\u2019hui, nous avons une occasion unique de recr\u00e9er des cercles de transmission adapt\u00e9s \u00e0 notre monde moderne.<\/p>\n<p style=\"font-weight: 400;\">\u00a0\u00a0In\u00e9dit \u2013 14 Cercles de transmission\u00a0\u00a0Gratuit &#8211; En ligne<\/p>\n<p style=\"font-weight: 400;\">\u00a0Recevoir le lien Zoom<br \/>\n<em><a href=\"https:\/\/forms.gle\/okLN79aNLTh2K7Q37\" data-saferedirecturl=\"https:\/\/www.google.com\/url?q=https:\/\/forms.gle\/okLN79aNLTh2K7Q37&amp;source=gmail&amp;ust=1706356227836000&amp;usg=AOvVaw2xbzKBhGtLu8XMqC-4okhx\">https:\/\/forms.gle\/okLN79aNLTh2K7Q37<\/a><\/em><\/p>\n<p style=\"font-weight: 400;\">\u00a0\u00a0REJOINS-NOUS \u00ab AU C\u0152UR DE L\u2019INTIMIT\u00c9 \u00bb<\/p>\n","protected":false},"excerpt":{"rendered":"<p>20h30 \u00e0 21h45 Cercle de Partage et Ateliers Gratuit \u2013 Facilit\u00e9 par Anne-Laure Pegon Nous commencerons par un cercle de partage autour du th\u00e8me \u00ab\u00a0Le couple face aux difficult\u00e9s de [&hellip;]<\/p>\n","protected":false},"author":1,"featured_media":0,"comment_status":"open","ping_status":"closed","template":"","meta":{"_tribe_events_status":"","_tribe_events_status_reason":"","footnotes":""},"tags":[],"tribe_events_cat":[],"class_list":["post-1100","tribe_events","type-tribe_events","status-publish","hentry"],"yoast_head":"<!-- This site is optimized with the Yoast SEO plugin v24.6 - https:\/\/yoast.com\/wordpress\/plugins\/seo\/ -->\n<title>\u2b55Au c\u0153ur de l&#039;intimit\u00e9 : Cercle de partage et Atelier - 20h30 - Corps en Eveil - Anne-Laure Pegon<\/title>\n<meta name=\"robots\" content=\"index, follow, max-snippet:-1, max-image-preview:large, max-video-preview:-1\" \/>\n<link rel=\"canonical\" href=\"https:\/\/corpseveil.com\/index.php\/event\/cercle-de-transmission-cercle-de-partage-atelier\/\" \/>\n<meta property=\"og:locale\" content=\"fr_FR\" \/>\n<meta property=\"og:type\" content=\"article\" \/>\n<meta property=\"og:title\" content=\"\u2b55Au c\u0153ur de l&#039;intimit\u00e9 : Cercle de partage et Atelier - 20h30 - Corps en Eveil - Anne-Laure Pegon\" \/>\n<meta property=\"og:description\" content=\"20h30 \u00e0 21h45 Cercle de Partage et Ateliers Gratuit \u2013 Facilit\u00e9 par Anne-Laure Pegon Nous commencerons par un cercle de partage autour du th\u00e8me \u00ab\u00a0Le couple face aux difficult\u00e9s de [&hellip;]\" \/>\n<meta property=\"og:url\" content=\"https:\/\/corpseveil.com\/index.php\/event\/cercle-de-transmission-cercle-de-partage-atelier\/\" \/>\n<meta property=\"og:site_name\" content=\"Corps en Eveil - Anne-Laure Pegon\" \/>\n<meta property=\"article:modified_time\" content=\"2024-02-06T14:09:33+00:00\" \/>\n<meta name=\"twitter:card\" content=\"summary_large_image\" \/>\n<meta name=\"twitter:label1\" content=\"Dur\u00e9e de lecture estim\u00e9e\" \/>\n\t<meta name=\"twitter:data1\" content=\"1 minute\" \/>\n<script type=\"application\/ld+json\" class=\"yoast-schema-graph\">{\"@context\":\"https:\/\/schema.org\",\"@graph\":[{\"@type\":\"WebPage\",\"@id\":\"https:\/\/corpseveil.com\/index.php\/event\/cercle-de-transmission-cercle-de-partage-atelier\/\",\"url\":\"https:\/\/corpseveil.com\/index.php\/event\/cercle-de-transmission-cercle-de-partage-atelier\/\",\"name\":\"\u2b55Au c\u0153ur de l'intimit\u00e9 : Cercle de partage et Atelier - 20h30 - Corps en Eveil - Anne-Laure Pegon\",\"isPartOf\":{\"@id\":\"https:\/\/corpseveil.com\/#website\"},\"datePublished\":\"2024-01-28T16:11:12+00:00\",\"dateModified\":\"2024-02-06T14:09:33+00:00\",\"breadcrumb\":{\"@id\":\"https:\/\/corpseveil.com\/index.php\/event\/cercle-de-transmission-cercle-de-partage-atelier\/#breadcrumb\"},\"inLanguage\":\"fr-FR\",\"potentialAction\":[{\"@type\":\"ReadAction\",\"target\":[\"https:\/\/corpseveil.com\/index.php\/event\/cercle-de-transmission-cercle-de-partage-atelier\/\"]}]},{\"@type\":\"BreadcrumbList\",\"@id\":\"https:\/\/corpseveil.com\/index.php\/event\/cercle-de-transmission-cercle-de-partage-atelier\/#breadcrumb\",\"itemListElement\":[{\"@type\":\"ListItem\",\"position\":1,\"name\":\"Accueil\",\"item\":\"https:\/\/corpseveil.com\/\"},{\"@type\":\"ListItem\",\"position\":2,\"name\":\"\u00c9v\u00e8nements\",\"item\":\"https:\/\/corpseveil.com\/index.php\/events\/\"},{\"@type\":\"ListItem\",\"position\":3,\"name\":\"\u2b55Au c\u0153ur de l&rsquo;intimit\u00e9 : Cercle de partage et Atelier &#8211; 20h30\"}]},{\"@type\":\"WebSite\",\"@id\":\"https:\/\/corpseveil.com\/#website\",\"url\":\"https:\/\/corpseveil.com\/\",\"name\":\"Corps en Eveil - Anne-Laure Pegon\",\"description\":\"Th\u00e9rapeute Psychocorporelle Haute Savoie et Vall\u00e9e Verte 74\",\"publisher\":{\"@id\":\"https:\/\/corpseveil.com\/#organization\"},\"potentialAction\":[{\"@type\":\"SearchAction\",\"target\":{\"@type\":\"EntryPoint\",\"urlTemplate\":\"https:\/\/corpseveil.com\/?s={search_term_string}\"},\"query-input\":{\"@type\":\"PropertyValueSpecification\",\"valueRequired\":true,\"valueName\":\"search_term_string\"}}],\"inLanguage\":\"fr-FR\"},{\"@type\":\"Organization\",\"@id\":\"https:\/\/corpseveil.com\/#organization\",\"name\":\"Corps en Eveil - Anne-Laure Pegon\",\"url\":\"https:\/\/corpseveil.com\/\",\"logo\":{\"@type\":\"ImageObject\",\"inLanguage\":\"fr-FR\",\"@id\":\"https:\/\/corpseveil.com\/#\/schema\/logo\/image\/\",\"url\":\"https:\/\/corpseveil.com\/wp-content\/uploads\/2023\/07\/cropped-CEE_LOGO_BLANC.png\",\"contentUrl\":\"https:\/\/corpseveil.com\/wp-content\/uploads\/2023\/07\/cropped-CEE_LOGO_BLANC.png\",\"width\":2842,\"height\":2421,\"caption\":\"Corps en Eveil - Anne-Laure Pegon\"},\"image\":{\"@id\":\"https:\/\/corpseveil.com\/#\/schema\/logo\/image\/\"}}]}<\/script>\n<!-- \/ Yoast SEO plugin. -->","yoast_head_json":{"title":"\u2b55Au c\u0153ur de l'intimit\u00e9 : Cercle de partage et Atelier - 20h30 - Corps en Eveil - Anne-Laure Pegon","robots":{"index":"index","follow":"follow","max-snippet":"max-snippet:-1","max-image-preview":"max-image-preview:large","max-video-preview":"max-video-preview:-1"},"canonical":"https:\/\/corpseveil.com\/index.php\/event\/cercle-de-transmission-cercle-de-partage-atelier\/","og_locale":"fr_FR","og_type":"article","og_title":"\u2b55Au c\u0153ur de l'intimit\u00e9 : Cercle de partage et Atelier - 20h30 - Corps en Eveil - Anne-Laure Pegon","og_description":"20h30 \u00e0 21h45 Cercle de Partage et Ateliers Gratuit \u2013 Facilit\u00e9 par Anne-Laure Pegon Nous commencerons par un cercle de partage autour du th\u00e8me \u00ab\u00a0Le couple face aux difficult\u00e9s de [&hellip;]","og_url":"https:\/\/corpseveil.com\/index.php\/event\/cercle-de-transmission-cercle-de-partage-atelier\/","og_site_name":"Corps en Eveil - Anne-Laure Pegon","article_modified_time":"2024-02-06T14:09:33+00:00","twitter_card":"summary_large_image","twitter_misc":{"Dur\u00e9e de lecture estim\u00e9e":"1 minute"},"schema":{"@context":"https:\/\/schema.org","@graph":[{"@type":"WebPage","@id":"https:\/\/corpseveil.com\/index.php\/event\/cercle-de-transmission-cercle-de-partage-atelier\/","url":"https:\/\/corpseveil.com\/index.php\/event\/cercle-de-transmission-cercle-de-partage-atelier\/","name":"\u2b55Au c\u0153ur de l'intimit\u00e9 : Cercle de partage et Atelier - 20h30 - Corps en Eveil - Anne-Laure Pegon","isPartOf":{"@id":"https:\/\/corpseveil.com\/#website"},"datePublished":"2024-01-28T16:11:12+00:00","dateModified":"2024-02-06T14:09:33+00:00","breadcrumb":{"@id":"https:\/\/corpseveil.com\/index.php\/event\/cercle-de-transmission-cercle-de-partage-atelier\/#breadcrumb"},"inLanguage":"fr-FR","potentialAction":[{"@type":"ReadAction","target":["https:\/\/corpseveil.com\/index.php\/event\/cercle-de-transmission-cercle-de-partage-atelier\/"]}]},{"@type":"BreadcrumbList","@id":"https:\/\/corpseveil.com\/index.php\/event\/cercle-de-transmission-cercle-de-partage-atelier\/#breadcrumb","itemListElement":[{"@type":"ListItem","position":1,"name":"Accueil","item":"https:\/\/corpseveil.com\/"},{"@type":"ListItem","position":2,"name":"\u00c9v\u00e8nements","item":"https:\/\/corpseveil.com\/index.php\/events\/"},{"@type":"ListItem","position":3,"name":"\u2b55Au c\u0153ur de l&rsquo;intimit\u00e9 : Cercle de partage et Atelier &#8211; 20h30"}]},{"@type":"WebSite","@id":"https:\/\/corpseveil.com\/#website","url":"https:\/\/corpseveil.com\/","name":"Corps en Eveil - Anne-Laure Pegon","description":"Th\u00e9rapeute Psychocorporelle Haute Savoie et Vall\u00e9e Verte 74","publisher":{"@id":"https:\/\/corpseveil.com\/#organization"},"potentialAction":[{"@type":"SearchAction","target":{"@type":"EntryPoint","urlTemplate":"https:\/\/corpseveil.com\/?s={search_term_string}"},"query-input":{"@type":"PropertyValueSpecification","valueRequired":true,"valueName":"search_term_string"}}],"inLanguage":"fr-FR"},{"@type":"Organization","@id":"https:\/\/corpseveil.com\/#organization","name":"Corps en Eveil - Anne-Laure Pegon","url":"https:\/\/corpseveil.com\/","logo":{"@type":"ImageObject","inLanguage":"fr-FR","@id":"https:\/\/corpseveil.com\/#\/schema\/logo\/image\/","url":"https:\/\/corpseveil.com\/wp-content\/uploads\/2023\/07\/cropped-CEE_LOGO_BLANC.png","contentUrl":"https:\/\/corpseveil.com\/wp-content\/uploads\/2023\/07\/cropped-CEE_LOGO_BLANC.png","width":2842,"height":2421,"caption":"Corps en Eveil - Anne-Laure Pegon"},"image":{"@id":"https:\/\/corpseveil.com\/#\/schema\/logo\/image\/"}}]}},"_links":{"self":[{"href":"https:\/\/corpseveil.com\/index.php\/wp-json\/wp\/v2\/tribe_events\/1100","targetHints":{"allow":["GET"]}}],"collection":[{"href":"https:\/\/corpseveil.com\/index.php\/wp-json\/wp\/v2\/tribe_events"}],"about":[{"href":"https:\/\/corpseveil.com\/index.php\/wp-json\/wp\/v2\/types\/tribe_events"}],"author":[{"embeddable":true,"href":"https:\/\/corpseveil.com\/index.php\/wp-json\/wp\/v2\/users\/1"}],"replies":[{"embeddable":true,"href":"https:\/\/corpseveil.com\/index.php\/wp-json\/wp\/v2\/comments?post=1100"}],"version-history":[{"count":0,"href":"https:\/\/corpseveil.com\/index.php\/wp-json\/wp\/v2\/tribe_events\/1100\/revisions"}],"wp:attachment":[{"href":"https:\/\/corpseveil.com\/index.php\/wp-json\/wp\/v2\/media?parent=1100"}],"wp:term":[{"taxonomy":"post_tag","embeddable":true,"href":"https:\/\/corpseveil.com\/index.php\/wp-json\/wp\/v2\/tags?post=1100"},{"taxonomy":"tribe_events_cat","embeddable":true,"href":"https:\/\/corpseveil.com\/index.php\/wp-json\/wp\/v2\/tribe_events_cat?post=1100"}],"curies":[{"name":"wp","href":"https:\/\/api.w.org\/{rel}","templated":true}]}}