{"id":1102,"date":"2024-01-28T17:11:48","date_gmt":"2024-01-28T16:11:48","guid":{"rendered":"https:\/\/corpseveil.com\/?post_type=tribe_events&#038;p=1102"},"modified":"2024-02-06T15:20:59","modified_gmt":"2024-02-06T14:20:59","slug":"cercle-de-femmes-2","status":"publish","type":"tribe_events","link":"https:\/\/corpseveil.com\/index.php\/event\/cercle-de-femmes-2\/","title":{"rendered":"\ud83c\udf39\u2728Cercle de femmes Lumineuses &#8211; Sciez 74 \ud83c\udf0a"},"content":{"rendered":"<p style=\"font-weight: 400;\">\ud83c\udf39\u2728Cercle de femmes et danse aux Mains de Nahla \u2013 Sciez 74 \ud83c\udf0a<br \/>\nLancement d&rsquo;un nouveau cycle pour Femmes pour d\u00e9couvrir la lumineuse en toi.<br \/>\nLorsque nous nous sentons pr\u00eate pour \u00e9voluer en sororit\u00e9, l\u2019espace des cercles de parole devient un v\u00e9ritable soutien<br \/>\nEtre entendue, reconnue, accueillie pour qui l\u2019on est, permet une rencontre authentique avec soi<br \/>\nLe cocon apport\u00e9 par le cercle v\u00e9hicule le respect, la bienveillance et la force des femmes.<br \/>\nApr\u00e8s quelques propositions en mouvement, nous nous poserons toutes ensembles dans cet espace privil\u00e9gi\u00e9.<br \/>\nIl est recommand\u00e9 de participer \u00e0 ces cercles (en ligne ou en pr\u00e9sentiel) avant de participer \u00e0 des ateliers Sororit\u00e9.<br \/>\nMouvement, Danse et Cercle de parole M\u00e9thode Unifi\u00e9e APESRA<br \/>\nTarif : 20 Euros<br \/>\nPlaces limit\u00e9es.<\/p>\n<p style=\"font-weight: 400;\">Pour t\u2019inscrire, contacte moi au 06 23 67 14 04<\/p>\n","protected":false},"excerpt":{"rendered":"<p>\ud83c\udf39\u2728Cercle de femmes et danse aux Mains de Nahla \u2013 Sciez 74 \ud83c\udf0a Lancement d&rsquo;un nouveau cycle pour Femmes pour d\u00e9couvrir la lumineuse en toi. Lorsque nous nous sentons pr\u00eate [&hellip;]<\/p>\n","protected":false},"author":1,"featured_media":0,"comment_status":"open","ping_status":"closed","template":"","meta":{"_tribe_events_status":"","_tribe_events_status_reason":"","footnotes":""},"tags":[],"tribe_events_cat":[],"class_list":["post-1102","tribe_events","type-tribe_events","status-publish","hentry"],"yoast_head":"<!-- This site is optimized with the Yoast SEO plugin v24.6 - https:\/\/yoast.com\/wordpress\/plugins\/seo\/ -->\n<title>\ud83c\udf39\u2728Cercle de femmes Lumineuses - Sciez 74 \ud83c\udf0a - Corps en Eveil - Anne-Laure Pegon<\/title>\n<meta name=\"robots\" content=\"index, follow, max-snippet:-1, max-image-preview:large, max-video-preview:-1\" \/>\n<link rel=\"canonical\" href=\"https:\/\/corpseveil.com\/index.php\/event\/cercle-de-femmes-2\/\" \/>\n<meta property=\"og:locale\" content=\"fr_FR\" \/>\n<meta property=\"og:type\" content=\"article\" \/>\n<meta property=\"og:title\" content=\"\ud83c\udf39\u2728Cercle de femmes Lumineuses - Sciez 74 \ud83c\udf0a - Corps en Eveil - Anne-Laure Pegon\" \/>\n<meta property=\"og:description\" content=\"\ud83c\udf39\u2728Cercle de femmes et danse aux Mains de Nahla \u2013 Sciez 74 \ud83c\udf0a Lancement d&rsquo;un nouveau cycle pour Femmes pour d\u00e9couvrir la lumineuse en toi. Lorsque nous nous sentons pr\u00eate [&hellip;]\" \/>\n<meta property=\"og:url\" content=\"https:\/\/corpseveil.com\/index.php\/event\/cercle-de-femmes-2\/\" \/>\n<meta property=\"og:site_name\" content=\"Corps en Eveil - Anne-Laure Pegon\" \/>\n<meta property=\"article:modified_time\" content=\"2024-02-06T14:20:59+00:00\" \/>\n<meta name=\"twitter:card\" content=\"summary_large_image\" \/>\n<meta name=\"twitter:label1\" content=\"Dur\u00e9e de lecture estim\u00e9e\" \/>\n\t<meta name=\"twitter:data1\" content=\"1 minute\" \/>\n<script type=\"application\/ld+json\" class=\"yoast-schema-graph\">{\"@context\":\"https:\/\/schema.org\",\"@graph\":[{\"@type\":\"WebPage\",\"@id\":\"https:\/\/corpseveil.com\/index.php\/event\/cercle-de-femmes-2\/\",\"url\":\"https:\/\/corpseveil.com\/index.php\/event\/cercle-de-femmes-2\/\",\"name\":\"\ud83c\udf39\u2728Cercle de femmes Lumineuses - Sciez 74 \ud83c\udf0a - Corps en Eveil - Anne-Laure Pegon\",\"isPartOf\":{\"@id\":\"https:\/\/corpseveil.com\/#website\"},\"datePublished\":\"2024-01-28T16:11:48+00:00\",\"dateModified\":\"2024-02-06T14:20:59+00:00\",\"breadcrumb\":{\"@id\":\"https:\/\/corpseveil.com\/index.php\/event\/cercle-de-femmes-2\/#breadcrumb\"},\"inLanguage\":\"fr-FR\",\"potentialAction\":[{\"@type\":\"ReadAction\",\"target\":[\"https:\/\/corpseveil.com\/index.php\/event\/cercle-de-femmes-2\/\"]}]},{\"@type\":\"BreadcrumbList\",\"@id\":\"https:\/\/corpseveil.com\/index.php\/event\/cercle-de-femmes-2\/#breadcrumb\",\"itemListElement\":[{\"@type\":\"ListItem\",\"position\":1,\"name\":\"Accueil\",\"item\":\"https:\/\/corpseveil.com\/\"},{\"@type\":\"ListItem\",\"position\":2,\"name\":\"\u00c9v\u00e8nements\",\"item\":\"https:\/\/corpseveil.com\/index.php\/events\/\"},{\"@type\":\"ListItem\",\"position\":3,\"name\":\"\ud83c\udf39\u2728Cercle de femmes Lumineuses &#8211; Sciez 74 \ud83c\udf0a\"}]},{\"@type\":\"WebSite\",\"@id\":\"https:\/\/corpseveil.com\/#website\",\"url\":\"https:\/\/corpseveil.com\/\",\"name\":\"Corps en Eveil - Anne-Laure Pegon\",\"description\":\"Th\u00e9rapeute Psychocorporelle Haute Savoie et Vall\u00e9e Verte 74\",\"publisher\":{\"@id\":\"https:\/\/corpseveil.com\/#organization\"},\"potentialAction\":[{\"@type\":\"SearchAction\",\"target\":{\"@type\":\"EntryPoint\",\"urlTemplate\":\"https:\/\/corpseveil.com\/?s={search_term_string}\"},\"query-input\":{\"@type\":\"PropertyValueSpecification\",\"valueRequired\":true,\"valueName\":\"search_term_string\"}}],\"inLanguage\":\"fr-FR\"},{\"@type\":\"Organization\",\"@id\":\"https:\/\/corpseveil.com\/#organization\",\"name\":\"Corps en Eveil - Anne-Laure Pegon\",\"url\":\"https:\/\/corpseveil.com\/\",\"logo\":{\"@type\":\"ImageObject\",\"inLanguage\":\"fr-FR\",\"@id\":\"https:\/\/corpseveil.com\/#\/schema\/logo\/image\/\",\"url\":\"https:\/\/corpseveil.com\/wp-content\/uploads\/2023\/07\/cropped-CEE_LOGO_BLANC.png\",\"contentUrl\":\"https:\/\/corpseveil.com\/wp-content\/uploads\/2023\/07\/cropped-CEE_LOGO_BLANC.png\",\"width\":2842,\"height\":2421,\"caption\":\"Corps en Eveil - Anne-Laure Pegon\"},\"image\":{\"@id\":\"https:\/\/corpseveil.com\/#\/schema\/logo\/image\/\"}}]}<\/script>\n<!-- \/ Yoast SEO plugin. -->","yoast_head_json":{"title":"\ud83c\udf39\u2728Cercle de femmes Lumineuses - Sciez 74 \ud83c\udf0a - Corps en Eveil - Anne-Laure Pegon","robots":{"index":"index","follow":"follow","max-snippet":"max-snippet:-1","max-image-preview":"max-image-preview:large","max-video-preview":"max-video-preview:-1"},"canonical":"https:\/\/corpseveil.com\/index.php\/event\/cercle-de-femmes-2\/","og_locale":"fr_FR","og_type":"article","og_title":"\ud83c\udf39\u2728Cercle de femmes Lumineuses - Sciez 74 \ud83c\udf0a - Corps en Eveil - Anne-Laure Pegon","og_description":"\ud83c\udf39\u2728Cercle de femmes et danse aux Mains de Nahla \u2013 Sciez 74 \ud83c\udf0a Lancement d&rsquo;un nouveau cycle pour Femmes pour d\u00e9couvrir la lumineuse en toi. Lorsque nous nous sentons pr\u00eate [&hellip;]","og_url":"https:\/\/corpseveil.com\/index.php\/event\/cercle-de-femmes-2\/","og_site_name":"Corps en Eveil - Anne-Laure Pegon","article_modified_time":"2024-02-06T14:20:59+00:00","twitter_card":"summary_large_image","twitter_misc":{"Dur\u00e9e de lecture estim\u00e9e":"1 minute"},"schema":{"@context":"https:\/\/schema.org","@graph":[{"@type":"WebPage","@id":"https:\/\/corpseveil.com\/index.php\/event\/cercle-de-femmes-2\/","url":"https:\/\/corpseveil.com\/index.php\/event\/cercle-de-femmes-2\/","name":"\ud83c\udf39\u2728Cercle de femmes Lumineuses - Sciez 74 \ud83c\udf0a - Corps en Eveil - Anne-Laure Pegon","isPartOf":{"@id":"https:\/\/corpseveil.com\/#website"},"datePublished":"2024-01-28T16:11:48+00:00","dateModified":"2024-02-06T14:20:59+00:00","breadcrumb":{"@id":"https:\/\/corpseveil.com\/index.php\/event\/cercle-de-femmes-2\/#breadcrumb"},"inLanguage":"fr-FR","potentialAction":[{"@type":"ReadAction","target":["https:\/\/corpseveil.com\/index.php\/event\/cercle-de-femmes-2\/"]}]},{"@type":"BreadcrumbList","@id":"https:\/\/corpseveil.com\/index.php\/event\/cercle-de-femmes-2\/#breadcrumb","itemListElement":[{"@type":"ListItem","position":1,"name":"Accueil","item":"https:\/\/corpseveil.com\/"},{"@type":"ListItem","position":2,"name":"\u00c9v\u00e8nements","item":"https:\/\/corpseveil.com\/index.php\/events\/"},{"@type":"ListItem","position":3,"name":"\ud83c\udf39\u2728Cercle de femmes Lumineuses &#8211; Sciez 74 \ud83c\udf0a"}]},{"@type":"WebSite","@id":"https:\/\/corpseveil.com\/#website","url":"https:\/\/corpseveil.com\/","name":"Corps en Eveil - Anne-Laure Pegon","description":"Th\u00e9rapeute Psychocorporelle Haute Savoie et Vall\u00e9e Verte 74","publisher":{"@id":"https:\/\/corpseveil.com\/#organization"},"potentialAction":[{"@type":"SearchAction","target":{"@type":"EntryPoint","urlTemplate":"https:\/\/corpseveil.com\/?s={search_term_string}"},"query-input":{"@type":"PropertyValueSpecification","valueRequired":true,"valueName":"search_term_string"}}],"inLanguage":"fr-FR"},{"@type":"Organization","@id":"https:\/\/corpseveil.com\/#organization","name":"Corps en Eveil - Anne-Laure Pegon","url":"https:\/\/corpseveil.com\/","logo":{"@type":"ImageObject","inLanguage":"fr-FR","@id":"https:\/\/corpseveil.com\/#\/schema\/logo\/image\/","url":"https:\/\/corpseveil.com\/wp-content\/uploads\/2023\/07\/cropped-CEE_LOGO_BLANC.png","contentUrl":"https:\/\/corpseveil.com\/wp-content\/uploads\/2023\/07\/cropped-CEE_LOGO_BLANC.png","width":2842,"height":2421,"caption":"Corps en Eveil - Anne-Laure Pegon"},"image":{"@id":"https:\/\/corpseveil.com\/#\/schema\/logo\/image\/"}}]}},"_links":{"self":[{"href":"https:\/\/corpseveil.com\/index.php\/wp-json\/wp\/v2\/tribe_events\/1102","targetHints":{"allow":["GET"]}}],"collection":[{"href":"https:\/\/corpseveil.com\/index.php\/wp-json\/wp\/v2\/tribe_events"}],"about":[{"href":"https:\/\/corpseveil.com\/index.php\/wp-json\/wp\/v2\/types\/tribe_events"}],"author":[{"embeddable":true,"href":"https:\/\/corpseveil.com\/index.php\/wp-json\/wp\/v2\/users\/1"}],"replies":[{"embeddable":true,"href":"https:\/\/corpseveil.com\/index.php\/wp-json\/wp\/v2\/comments?post=1102"}],"version-history":[{"count":0,"href":"https:\/\/corpseveil.com\/index.php\/wp-json\/wp\/v2\/tribe_events\/1102\/revisions"}],"wp:attachment":[{"href":"https:\/\/corpseveil.com\/index.php\/wp-json\/wp\/v2\/media?parent=1102"}],"wp:term":[{"taxonomy":"post_tag","embeddable":true,"href":"https:\/\/corpseveil.com\/index.php\/wp-json\/wp\/v2\/tags?post=1102"},{"taxonomy":"tribe_events_cat","embeddable":true,"href":"https:\/\/corpseveil.com\/index.php\/wp-json\/wp\/v2\/tribe_events_cat?post=1102"}],"curies":[{"name":"wp","href":"https:\/\/api.w.org\/{rel}","templated":true}]}}